{"id":10,"date":"2016-02-07T19:28:15","date_gmt":"2016-02-07T18:28:15","guid":{"rendered":"http:\/\/habitatconfortplus.com\/?page_id=10"},"modified":"2018-02-18T17:41:15","modified_gmt":"2018-02-18T16:41:15","slug":"pourquoi-isoler","status":"publish","type":"page","link":"https:\/\/isolationthermiquedunord.com\/index.php\/page-dacceuil\/comprendre\/pourquoi-isoler\/","title":{"rendered":"Pourquoi isoler ?"},"content":{"rendered":"<div id=\"pl-10\"  class=\"panel-layout\" ><div id=\"pg-10-0\"  class=\"panel-grid panel-has-style\" ><div class=\"siteorigin-panels-stretch panel-row-style panel-row-style-for-10-0\" data-stretch-type=\"full\" ><div id=\"pgc-10-0-0\"  class=\"panel-grid-cell\" ><div id=\"panel-10-0-0-0\" class=\"so-panel widget widget_sow-editor panel-first-child panel-last-child\" data-index=\"0\" ><div class=\"so-widget-sow-editor so-widget-sow-editor-base\">\n<div class=\"siteorigin-widget-tinymce textwidget\">\n\t<p><img decoding=\"async\" loading=\"lazy\" class=\"alignleft size-full wp-image-541\" src=\"http:\/\/habitatconfortplus.com\/wp-content\/uploads\/2016\/05\/Consommation-\u00e9nerg\u00e9tique.png\" alt=\"Consommation \u00e9nerg\u00e9tique\" width=\"217\" height=\"242\" \/>Isoler, c\u2019est se prot\u00e9ger du froid comme de la chaleur\u2026<\/p>\n<p>Isoler, c\u2019est apporter du confort dans l\u2019habitat\u2026<a href=\"http:\/\/renovation-info-service.gouv.fr\/\" target=\"_blank\" rel=\"noopener\"><img decoding=\"async\" loading=\"lazy\" class=\"wp-image-540 size-full alignright\" src=\"http:\/\/habitatconfortplus.com\/wp-content\/uploads\/2016\/05\/Logo-j\u00e9co-r\u00e9nove.jpg\" alt=\"Logo j'\u00e9co-r\u00e9nove\" width=\"150\" height=\"150\" srcset=\"https:\/\/isolationthermiquedunord.com\/wp-content\/uploads\/2016\/05\/Logo-j\u00e9co-r\u00e9nove.jpg 224w, https:\/\/isolationthermiquedunord.com\/wp-content\/uploads\/2016\/05\/Logo-j\u00e9co-r\u00e9nove-200x200.jpg 200w\" sizes=\"(max-width: 150px) 100vw, 150px\" \/><\/a><\/p>\n<p>Isoler, c\u2019est faire des \u00e9conomies sur sa facture de chauffage\u2026<\/p>\n<p>Isoler, c\u2019est se prot\u00e9ger du bruit\u2026<\/p>\n<p>Isoler, c\u2019est donner de la valeur \u00e0 son bien\u2026<\/p>\n<p>Isoler, c\u2019est participer \u00e0 la transition \u00e9nerg\u00e9tique.<\/p>\n<p>Le <span style=\"color: #99cc00;\"><strong>+ d'Isolation Thermique du Nord<\/strong> <\/span>: Un choix judicieux d\u2019isolants ainsi qu\u2019une pose minutieuse de l\u2019\u00e9tanch\u00e9it\u00e9 \u00e0 l\u2019air pour une maison confortable et \u00e9conome.<\/p>\n<p><strong><a href=\"http:\/\/isolationthermiquedunord.com\/index.php\/page-dacceuil\/les-deperditions\/\">Lire la suite : Les d\u00e9perditions<\/a><\/strong><\/p>\n<\/div>\n<\/div><\/div><\/div><div id=\"pgc-10-0-1\"  class=\"panel-grid-cell\" ><div id=\"panel-10-0-1-0\" class=\"so-panel widget widget_sow-button panel-first-child\" data-index=\"1\" ><div class=\"panel-widget-style panel-widget-style-for-10-0-1-0\" ><div class=\"so-widget-sow-button so-widget-sow-button-flat-81aad9103f71\"><div class=\"ow-button-base ow-button-align-center\">\n\t<a href=\"https:\/\/isolationthermiquedunord.com\/index.php\/contact\/\" class=\"ow-icon-placement-left\" target=\"_blank\" rel=\"noopener noreferrer\" \t\t>\n\t\t<span>\n\t\t\t\n\t\t\tDemander un devis\t\t<\/span>\n\t<\/a>\n<\/div>\n<\/div><\/div><\/div><div id=\"panel-10-0-1-1\" class=\"so-panel widget widget_sow-image\" data-index=\"2\" ><div class=\"so-widget-sow-image so-widget-sow-image-default-eef982a7180b\">\n\n<div class=\"sow-image-container\">\n<a href=\"http:\/\/www.performance-energetique.lebatiment.fr\/\" target=\"_blank\" rel=\"noopener noreferrer\" >\t<img src=\"https:\/\/isolationthermiquedunord.com\/wp-content\/uploads\/2016\/02\/RGE-e1456930050619.png\" width=\"95\" height=\"51\" sizes=\"(max-width: 95px) 100vw, 95px\" title=\"RGE\" alt=\"Tout savoir sur les Pros de la performance \u00e9nerg\u00e9tique\" \t\tclass=\"so-widget-image\"\/>\n<\/a><\/div>\n\n<\/div><\/div><div id=\"panel-10-0-1-2\" class=\"so-panel widget widget_sow-image\" data-index=\"3\" ><div class=\"so-widget-sow-image so-widget-sow-image-default-642c5433d908\">\n\n<div class=\"sow-image-container\">\n<a href=\"http:\/\/renovation-info-service.gouv.fr\/\" target=\"_blank\" rel=\"noopener noreferrer\" >\t<img src=\"https:\/\/isolationthermiquedunord.com\/wp-content\/uploads\/2016\/03\/Pros.png\" width=\"107\" height=\"70\" sizes=\"(max-width: 107px) 100vw, 107px\" alt=\"Acc\u00e8s au site Les Pros de la performance \u00e9nerg\u00e9tique\" \t\tclass=\"so-widget-image\"\/>\n<\/a><\/div>\n\n<\/div><\/div><div id=\"panel-10-0-1-3\" class=\"so-panel widget widget_sow-image panel-last-child\" data-index=\"4\" ><div class=\"so-widget-sow-image so-widget-sow-image-default-642c5433d908\">\n\n<div class=\"sow-image-container\">\n<a href=\"http:\/\/www.qualibat.com\/\" target=\"_blank\" rel=\"noopener noreferrer\" >\t<img src=\"https:\/\/isolationthermiquedunord.com\/wp-content\/uploads\/2016\/06\/qualibat-rge3.png\" width=\"90\" height=\"109\" sizes=\"(max-width: 90px) 100vw, 90px\" alt=\"Acc\u00e8s au site Qualibat\" \t\tclass=\"so-widget-image\"\/>\n<\/a><\/div>\n\n<\/div><\/div><\/div><\/div><\/div><\/div>","protected":false},"excerpt":{"rendered":"<p>Isoler, c\u2019est se prot\u00e9ger du froid comme de la chaleur\u2026 Isoler, c\u2019est apporter du confort dans l\u2019habitat\u2026 Isoler, c\u2019est faire des \u00e9conomies sur sa facture de chauffage\u2026 Isoler, c\u2019est se prot\u00e9ger du bruit\u2026 Isoler, c\u2019est donner de la valeur \u00e0 son bien\u2026 Isoler, c\u2019est participer \u00e0 la transition \u00e9nerg\u00e9tique. Le + d&rsquo;Isolation Thermique du Nord [&hellip;]<\/p>\n","protected":false},"author":1,"featured_media":0,"parent":699,"menu_order":1,"comment_status":"closed","ping_status":"closed","template":"page-templates\/full-width.php","meta":[],"_links":{"self":[{"href":"https:\/\/isolationthermiquedunord.com\/index.php\/wp-json\/wp\/v2\/pages\/10"}],"collection":[{"href":"https:\/\/isolationthermiquedunord.com\/index.php\/wp-json\/wp\/v2\/pages"}],"about":[{"href":"https:\/\/isolationthermiquedunord.com\/index.php\/wp-json\/wp\/v2\/types\/page"}],"author":[{"embeddable":true,"href":"https:\/\/isolationthermiquedunord.com\/index.php\/wp-json\/wp\/v2\/users\/1"}],"replies":[{"embeddable":true,"href":"https:\/\/isolationthermiquedunord.com\/index.php\/wp-json\/wp\/v2\/comments?post=10"}],"version-history":[{"count":40,"href":"https:\/\/isolationthermiquedunord.com\/index.php\/wp-json\/wp\/v2\/pages\/10\/revisions"}],"predecessor-version":[{"id":938,"href":"https:\/\/isolationthermiquedunord.com\/index.php\/wp-json\/wp\/v2\/pages\/10\/revisions\/938"}],"up":[{"embeddable":true,"href":"https:\/\/isolationthermiquedunord.com\/index.php\/wp-json\/wp\/v2\/pages\/699"}],"wp:attachment":[{"href":"https:\/\/isolationthermiquedunord.com\/index.php\/wp-json\/wp\/v2\/media?parent=10"}],"curies":[{"name":"wp","href":"https:\/\/api.w.org\/{rel}","templated":true}]}}