{"id":110,"date":"2016-02-24T10:33:12","date_gmt":"2016-02-24T09:33:12","guid":{"rendered":"http:\/\/habitatconfortplus.com\/?page_id=110"},"modified":"2018-02-16T18:12:44","modified_gmt":"2018-02-16T17:12:44","slug":"financement","status":"publish","type":"page","link":"https:\/\/isolationthermiquedunord.com\/index.php\/financement\/","title":{"rendered":"FINANCEMENTS"},"content":{"rendered":"<div id=\"pl-110\"  class=\"panel-layout\" ><div id=\"pg-110-0\"  class=\"panel-grid panel-has-style\" ><div class=\"siteorigin-panels-stretch panel-row-style panel-row-style-for-110-0\" data-stretch-type=\"full\" ><div id=\"pgc-110-0-0\"  class=\"panel-grid-cell\" ><div id=\"panel-110-0-0-0\" class=\"so-panel widget widget_sow-editor panel-first-child panel-last-child\" data-index=\"0\" ><div class=\"so-widget-sow-editor so-widget-sow-editor-base\">\n<div class=\"siteorigin-widget-tinymce textwidget\">\n\t<p><strong>Voici l'ensemble des aides vous permettant de financer vos travaux d'\u00e9conomie d'\u00e9nergie :<\/strong><\/p>\n<p><a href=\"http:\/\/habitatconfortplus.com\/index.php\/financement\/cite\/\" target=\"_blank\" rel=\"noopener\">Le Cr\u00e9dit d'Imp\u00f4ts pour la Transition Energ\u00e9tique (CITE)<\/a><\/p>\n<p><a href=\"http:\/\/habitatconfortplus.com\/index.php\/financement\/cee\/\" target=\"_blank\" rel=\"noopener\">Les primes \u00e9nergie (CEE)<\/a><\/p>\n<p><a href=\"http:\/\/habitatconfortplus.com\/index.php\/financement\/tva-a-taux-reduit\/\" target=\"_blank\" rel=\"noopener\">La TVA \u00e0 taux r\u00e9duit<\/a><\/p>\n<p><a href=\"http:\/\/habitatconfortplus.com\/index.php\/financement\/leco-pret-a-taux-zero\/\" target=\"_blank\" rel=\"noopener\">L'\u00e9co-pr\u00eat \u00e0 taux z\u00e9ro<\/a><\/p>\n<p><a href=\"http:\/\/habitatconfortplus.com\/index.php\/financement\/les-aides-de-lanah\/\" target=\"_blank\" rel=\"noopener\">Les aides de l'ANAH<\/a><\/p>\n<p><a href=\"http:\/\/habitatconfortplus.com\/index.php\/financement\/prets-pour-lamelioration-energetique\/\" target=\"_blank\" rel=\"noopener\">Pr\u00eats pour l'am\u00e9lioration \u00e9nerg\u00e9tique<\/a><\/p>\n<p>Aides propos\u00e9es par votre ville, d\u00e9partement ou r\u00e9gion. (Consultez leur site internet)<\/p>\n<p><strong>Le <span style=\"color: #99cc00;\">+ d'Isolation Thermique du Nord<\/span> : Un accompagnement dans l'obtention de ces aides.<\/strong><\/p>\n<\/div>\n<\/div><\/div><\/div><div id=\"pgc-110-0-1\"  class=\"panel-grid-cell\" ><div id=\"panel-110-0-1-0\" class=\"so-panel widget widget_sow-button panel-first-child\" data-index=\"1\" ><div class=\"panel-widget-style panel-widget-style-for-110-0-1-0\" ><div class=\"so-widget-sow-button so-widget-sow-button-flat-81aad9103f71\"><div class=\"ow-button-base ow-button-align-center\">\n\t<a href=\"https:\/\/isolationthermiquedunord.com\/index.php\/contact\/\" class=\"ow-icon-placement-left ow-button-hover\" target=\"_blank\" rel=\"noopener noreferrer\" title=\"Demande de devis\" \t\t>\n\t\t<span>\n\t\t\t\n\t\t\tDemander un devis\t\t<\/span>\n\t<\/a>\n<\/div>\n<\/div><\/div><\/div><div id=\"panel-110-0-1-1\" class=\"so-panel widget widget_sow-image\" data-index=\"2\" ><div class=\"so-widget-sow-image so-widget-sow-image-default-eef982a7180b\">\n\n<div class=\"sow-image-container\">\n<a href=\"http:\/\/www.performance-energetique.lebatiment.fr\/\" target=\"_blank\" rel=\"noopener noreferrer\" >\t<img src=\"https:\/\/isolationthermiquedunord.com\/wp-content\/uploads\/2016\/02\/RGE-e1456930050619.png\" width=\"95\" height=\"51\" sizes=\"(max-width: 95px) 100vw, 95px\" title=\"RGE\" alt=\"Tout savoir sur les Pros de la performance \u00e9nerg\u00e9tique\" \t\tclass=\"so-widget-image\"\/>\n<\/a><\/div>\n\n<\/div><\/div><div id=\"panel-110-0-1-2\" class=\"so-panel widget widget_sow-image panel-last-child\" data-index=\"3\" ><div class=\"so-widget-sow-image so-widget-sow-image-default-642c5433d908\">\n\n<div class=\"sow-image-container\">\n<a href=\"http:\/\/renovation-info-service.gouv.fr\/\" target=\"_blank\" rel=\"noopener noreferrer\" >\t<img src=\"https:\/\/isolationthermiquedunord.com\/wp-content\/uploads\/2016\/03\/Pros.png\" width=\"107\" height=\"70\" sizes=\"(max-width: 107px) 100vw, 107px\" alt=\"Acc\u00e8s au site Les Pros de la performance \u00e9nerg\u00e9tique\" \t\tclass=\"so-widget-image\"\/>\n<\/a><\/div>\n\n<\/div><\/div><\/div><\/div><\/div><\/div>","protected":false},"excerpt":{"rendered":"<p>Voici l&rsquo;ensemble des aides vous permettant de financer vos travaux d&rsquo;\u00e9conomie d&rsquo;\u00e9nergie : Le Cr\u00e9dit d&rsquo;Imp\u00f4ts pour la Transition Energ\u00e9tique (CITE) Les primes \u00e9nergie (CEE) La TVA \u00e0 taux r\u00e9duit L&rsquo;\u00e9co-pr\u00eat \u00e0 taux z\u00e9ro Les aides de l&rsquo;ANAH Pr\u00eats pour l&rsquo;am\u00e9lioration \u00e9nerg\u00e9tique Aides propos\u00e9es par votre ville, d\u00e9partement ou r\u00e9gion. (Consultez leur site internet) Le [&hellip;]<\/p>\n","protected":false},"author":1,"featured_media":0,"parent":0,"menu_order":4,"comment_status":"closed","ping_status":"closed","template":"page-templates\/full-width.php","meta":[],"_links":{"self":[{"href":"https:\/\/isolationthermiquedunord.com\/index.php\/wp-json\/wp\/v2\/pages\/110"}],"collection":[{"href":"https:\/\/isolationthermiquedunord.com\/index.php\/wp-json\/wp\/v2\/pages"}],"about":[{"href":"https:\/\/isolationthermiquedunord.com\/index.php\/wp-json\/wp\/v2\/types\/page"}],"author":[{"embeddable":true,"href":"https:\/\/isolationthermiquedunord.com\/index.php\/wp-json\/wp\/v2\/users\/1"}],"replies":[{"embeddable":true,"href":"https:\/\/isolationthermiquedunord.com\/index.php\/wp-json\/wp\/v2\/comments?post=110"}],"version-history":[{"count":13,"href":"https:\/\/isolationthermiquedunord.com\/index.php\/wp-json\/wp\/v2\/pages\/110\/revisions"}],"predecessor-version":[{"id":924,"href":"https:\/\/isolationthermiquedunord.com\/index.php\/wp-json\/wp\/v2\/pages\/110\/revisions\/924"}],"wp:attachment":[{"href":"https:\/\/isolationthermiquedunord.com\/index.php\/wp-json\/wp\/v2\/media?parent=110"}],"curies":[{"name":"wp","href":"https:\/\/api.w.org\/{rel}","templated":true}]}}