{"id":82,"date":"2016-02-23T19:35:26","date_gmt":"2016-02-23T18:35:26","guid":{"rendered":"http:\/\/habitatconfortplus.com\/index.php\/page-dacceuil\/"},"modified":"2026-01-26T16:54:25","modified_gmt":"2026-01-26T15:54:25","slug":"page-dacceuil","status":"publish","type":"page","link":"https:\/\/isolationthermiquedunord.com\/","title":{"rendered":"ACCUEIL"},"content":{"rendered":"<div id=\"pl-82\"  class=\"panel-layout\" ><div id=\"pg-82-0\"  class=\"panel-grid panel-has-style\" ><div class=\"siteorigin-panels-stretch panel-row-style panel-row-style-for-82-0\" data-stretch-type=\"full\" ><div id=\"pgc-82-0-0\"  class=\"panel-grid-cell\" ><div id=\"panel-82-0-0-0\" class=\"so-panel widget widget_sow-editor panel-first-child panel-last-child\" data-index=\"0\" ><div class=\"so-widget-sow-editor so-widget-sow-editor-base\">\n<div class=\"siteorigin-widget-tinymce textwidget\">\n\t<div style=\"max-width: 900px;\" class=\"ml-slider-3-6-8 metaslider metaslider-flex metaslider-87 ml-slider\">\n    \n    <div id=\"metaslider_container_87\">\n        <div id=\"metaslider_87\">\n            <ul class=\"slides\">\n                <li style=\"display: block; width: 100%;\" class=\"slide-91 ms-image\"><img src=\"https:\/\/isolationthermiquedunord.com\/wp-content\/uploads\/2016\/02\/BERCK4-900x400.jpg\" height=\"400\" width=\"900\" alt=\"Pose de bardage\" class=\"slider-87 slide-91\" title=\"Pose de bardage\" \/><\/li>\n                <li style=\"display: none; width: 100%;\" class=\"slide-158 ms-image\"><img src=\"https:\/\/isolationthermiquedunord.com\/wp-content\/uploads\/2016\/03\/IMG_1720-900x400.jpg\" height=\"400\" width=\"900\" alt=\"Isolation par l&#039;ext\u00e9rieur\" class=\"slider-87 slide-158\" title=\"Isolation par l&#039;ext\u00e9rieur\" \/><\/li>\n                <li style=\"display: none; width: 100%;\" class=\"slide-866 ms-image\"><img src=\"https:\/\/isolationthermiquedunord.com\/wp-content\/uploads\/2016\/06\/Combles-am\u00e9nag\u00e9s-900x400.jpg\" height=\"400\" width=\"900\" alt=\"Isolation combles am\u00e9nag\u00e9s\" class=\"slider-87 slide-866\" title=\"Isolation combles am\u00e9nag\u00e9s\" \/><\/li>\n                <li style=\"display: none; width: 100%;\" class=\"slide-867 ms-image\"><img src=\"https:\/\/isolationthermiquedunord.com\/wp-content\/uploads\/2016\/06\/Combles-perdus-900x400.jpg\" height=\"400\" width=\"900\" alt=\"Isolation combles perdus\" class=\"slider-87 slide-867\" title=\"Isolation combles perdus\" \/><\/li>\n            <\/ul>\n        <\/div>\n        \n    <\/div>\n<\/div>\n<\/div>\n<\/div><\/div><\/div><div id=\"pgc-82-0-1\"  class=\"panel-grid-cell\" ><div id=\"panel-82-0-1-0\" class=\"so-panel widget widget_sow-button panel-first-child\" data-index=\"1\" ><div class=\"panel-widget-style panel-widget-style-for-82-0-1-0\" ><div class=\"so-widget-sow-button so-widget-sow-button-flat-81aad9103f71\"><div class=\"ow-button-base ow-button-align-center\">\n\t<a href=\"https:\/\/isolationthermiquedunord.com\/index.php\/contact\/\" class=\"ow-icon-placement-left\" target=\"_blank\" rel=\"noopener noreferrer\" \t\t>\n\t\t<span>\n\t\t\t\n\t\t\tDemander un devis\t\t<\/span>\n\t<\/a>\n<\/div>\n<\/div><\/div><\/div><div id=\"panel-82-0-1-1\" class=\"so-panel widget widget_sow-button\" data-index=\"2\" ><div class=\"panel-widget-style panel-widget-style-for-82-0-1-1\" ><div class=\"so-widget-sow-button so-widget-sow-button-flat-46071b789388\"><div class=\"ow-button-base ow-button-align-center\">\n\t<a href=\"https:\/\/isolationthermiquedunord.com\/index.php\/contact\/une-question\/\" class=\"ow-icon-placement-left\" target=\"_blank\" rel=\"noopener noreferrer\" \t\t>\n\t\t<span>\n\t\t\t\n\t\t\tBesoin d'un conseil ?\t\t<\/span>\n\t<\/a>\n<\/div>\n<\/div><\/div><\/div><div id=\"panel-82-0-1-2\" class=\"so-panel widget widget_sow-image panel-last-child\" data-index=\"3\" ><div class=\"so-widget-sow-image so-widget-sow-image-default-eef982a7180b\">\n\n<div class=\"sow-image-container\">\n<a href=\"http:\/\/renovation-info-service.gouv.fr\/trouvez-un-professionnel\" target=\"_blank\" rel=\"noopener noreferrer\" >\t<img src=\"https:\/\/isolationthermiquedunord.com\/wp-content\/uploads\/2016\/02\/RGE-e1456930050619.png\" width=\"95\" height=\"51\" sizes=\"(max-width: 95px) 100vw, 95px\" title=\"RGE\" alt=\"Tout savoir sur la qualification RGE\" \t\tclass=\"so-widget-image\"\/>\n<\/a><\/div>\n\n<\/div><\/div><\/div><\/div><\/div><div id=\"pg-82-1\"  class=\"panel-grid panel-no-style\" ><div id=\"pgc-82-1-0\"  class=\"panel-grid-cell\" ><div id=\"panel-82-1-0-0\" class=\"so-panel widget widget_sow-editor panel-first-child panel-last-child\" data-index=\"4\" ><div class=\"so-widget-sow-editor so-widget-sow-editor-base\">\n<div class=\"siteorigin-widget-tinymce textwidget\">\n\t<p>Faire appel \u00e0 <span style=\"color: #000000;\"><strong><span style=\"color: #99cc00;\">Isolation Thermique du Nord<\/span><\/strong>,<\/span> <strong>entreprise qualifi\u00e9e RGE, situ\u00e9e au sud de Lille, \u00e0 Loos <\/strong>et sp\u00e9cialiste de la r\u00e9novation thermique des logements, c'est b\u00e9n\u00e9ficier :<\/p>\n<ul>\n<li>d'un diagnostic thermique gratuit de votre logement,<\/li>\n<li>d'une pr\u00e9conisation compl\u00e8te,<\/li>\n<li>d'un choix d'isolants respectueux de l'environnement et de votre sant\u00e9 et d'une mise en \u0153uvre adapt\u00e9e \u00e0 votre logement,<\/li>\n<li>d'une mise en \u0153uvre respectant les principes de la RT2012 (suppressions des ponts thermiques, \u00e9tanch\u00e9it\u00e9 \u00e0 l'air, ventilation, etc.).<\/li>\n<li>de conseils pour choisir une isolation par l'int\u00e9rieur ou par l'ext\u00e9rieur,<\/li>\n<li>d'un devis d\u00e9taill\u00e9,<\/li>\n<li>d'un accompagnement dans l'obtention de MaPrimeR\u00e9nov, CEE et financements.<\/li>\n<\/ul>\n<p>Gr\u00e2ce \u00e0 notre r\u00e9seau de professionnels partenaires, nous pouvons vous proposer une prestation compl\u00e8te ainsi qu'un interlocuteur unique pour l'ensemble de vos travaux.<\/p>\n<p>Nous intervenons \u00e0 Lille et dans la m\u00e9tropole lilloise : Roubaix, Tourcoing, Villeneuve d'Ascq, Marcq-en-Bar\u0153ul, Lomme, Haubourdin, Armenti\u00e8res, etc.<\/p>\n<\/div>\n<\/div><\/div><\/div><div id=\"pgc-82-1-1\"  class=\"panel-grid-cell\" ><div id=\"panel-82-1-1-0\" class=\"so-panel widget widget_sow-editor panel-first-child panel-last-child\" data-index=\"5\" ><div class=\"panel-widget-style panel-widget-style-for-82-1-1-0\" ><div class=\"so-widget-sow-editor so-widget-sow-editor-base\">\n<div class=\"siteorigin-widget-tinymce textwidget\">\n\t<p style=\"text-align: center;\">Seules les <strong>entreprises qualifi\u00e9es RGE<\/strong> vous permettent de b\u00e9n\u00e9ficier de MaPrimeR\u00e9nov et des <a href=\"http:\/\/habitatconfortplus.com\/index.php\/financement\/cee\/\" target=\"_blank\" rel=\"noopener\">CEE<\/a> (Certificats d\u2019\u00c9conomie d\u2019\u00c9nergie).<\/p>\n<\/div>\n<\/div><\/div><\/div><\/div><\/div><\/div>","protected":false},"excerpt":{"rendered":"<p>Demander un devis Besoin d&rsquo;un conseil ? Faire appel \u00e0 Isolation Thermique du Nord, entreprise qualifi\u00e9e RGE, situ\u00e9e au sud de Lille, \u00e0 Loos et sp\u00e9cialiste de la r\u00e9novation thermique des logements, c&rsquo;est b\u00e9n\u00e9ficier : d&rsquo;un diagnostic thermique gratuit de votre logement, d&rsquo;une pr\u00e9conisation compl\u00e8te, d&rsquo;un choix d&rsquo;isolants respectueux de l&rsquo;environnement et de votre sant\u00e9 [&hellip;]<\/p>\n","protected":false},"author":1,"featured_media":0,"parent":0,"menu_order":0,"comment_status":"closed","ping_status":"closed","template":"home-panels.php","meta":[],"_links":{"self":[{"href":"https:\/\/isolationthermiquedunord.com\/index.php\/wp-json\/wp\/v2\/pages\/82"}],"collection":[{"href":"https:\/\/isolationthermiquedunord.com\/index.php\/wp-json\/wp\/v2\/pages"}],"about":[{"href":"https:\/\/isolationthermiquedunord.com\/index.php\/wp-json\/wp\/v2\/types\/page"}],"author":[{"embeddable":true,"href":"https:\/\/isolationthermiquedunord.com\/index.php\/wp-json\/wp\/v2\/users\/1"}],"replies":[{"embeddable":true,"href":"https:\/\/isolationthermiquedunord.com\/index.php\/wp-json\/wp\/v2\/comments?post=82"}],"version-history":[{"count":73,"href":"https:\/\/isolationthermiquedunord.com\/index.php\/wp-json\/wp\/v2\/pages\/82\/revisions"}],"predecessor-version":[{"id":1012,"href":"https:\/\/isolationthermiquedunord.com\/index.php\/wp-json\/wp\/v2\/pages\/82\/revisions\/1012"}],"wp:attachment":[{"href":"https:\/\/isolationthermiquedunord.com\/index.php\/wp-json\/wp\/v2\/media?parent=82"}],"curies":[{"name":"wp","href":"https:\/\/api.w.org\/{rel}","templated":true}]}}